{"id":2778,"date":"2011-12-05T12:19:12","date_gmt":"2011-12-05T12:19:12","guid":{"rendered":"http:\/\/www.collectifpsychiatrie.fr\/?page_id=2778"},"modified":"2020-12-06T13:46:30","modified_gmt":"2020-12-06T13:46:30","slug":"video-de-la-manif-du-25-juin","status":"publish","type":"page","link":"https:\/\/www.collectifpsychiatrie.fr\/?page_id=2778","title":{"rendered":"Vid\u00e9os &#8211; manif du 25 juin 2011 &#8211; R\u00e9publique"},"content":{"rendered":"<p><iframe loading=\"lazy\" src=\"http:\/\/www.youtube.com\/embed\/fH0igbYSdPQ\" width=\"560\" height=\"349\" frameborder=\"0\" allowfullscreen=\"allowfullscreen\"><\/iframe><\/p>\n<p><iframe loading=\"lazy\" src=\"http:\/\/www.youtube.com\/embed\/OSIhRKcxkcs\" width=\"560\" height=\"349\" frameborder=\"0\" allowfullscreen=\"allowfullscreen\"><\/iframe><\/p>\n<p><!--StartFragment--><\/p>\n<p class=\"MsoNormal\" style=\"margin-bottom: 13.0pt; text-align: center; line-height: 35.0pt; mso-pagination: none; mso-layout-grid-align: none; text-autospace: none;\" align=\"center\"><span style=\"font-size: 16.0pt; font-family: Arial;\">Communiqu\u00e9 du 25 juin 2011<\/span><\/p>\n<p class=\"MsoNormal\" style=\"margin-bottom: 13.0pt; text-align: center; line-height: 26.0pt; mso-pagination: none; mso-layout-grid-align: none; text-autospace: none;\" align=\"center\"><span style=\"font-size: 16.0pt; font-family: Arial;\">Apr\u00e8s la manifestation Place de la R\u00e9publique<\/span><\/p>\n<p class=\"MsoNormal\" style=\"margin-bottom: 13.0pt; text-align: center; line-height: 35.0pt; mso-pagination: none; mso-layout-grid-align: none; text-autospace: none;\" align=\"center\"><span style=\"font-size: 16.0pt; font-family: Arial;\"><b>Refuser cette loi anti-th\u00e9rapeutique, s\u00e9curitaire et dangereuse.<\/b><\/span><\/p>\n<p class=\"MsoNormal\" style=\"margin-bottom: 13.0pt; text-align: justify; mso-line-height-alt: 15.0pt; mso-pagination: none; mso-layout-grid-align: none; text-autospace: none;\"><span style=\"font-size: 14px;\"><span style=\"font-family: Arial;\">Samedi 25 juin 2011, pr\u00e8s de 500 personnes se sont rassembl\u00e9es Place de la R\u00e9publique, pour manifester leur refus de la loi adopt\u00e9e par le Parlement le mercredi 22 juin. Patients, familles, professionnels de la psychiatrie, psychanalystes, citoyens, ont r\u00e9pondu \u00e0 l\u2019appel du Collectif des 39 contre La Nuit S\u00e9curitaire. Jack Ralite, ancien Ministre de la Sant\u00e9, Serge Portelli, magistrat, membre du Syndicat de la Magistrature, Yves Clot, professeur au C.N.A.M., Lysia Edelstein, membre du syndicat de la Protection Judiciaire de la Jeunesse FSU, \u00a0Olivier Grignon pr\u00e9sident du Cercle Freudien,\u00a0sont\u00a0venus t\u00e9moigner de leur soutien et dire combien les m\u00eames politiques sont \u00e0 l\u2019\u0153uvre dans la justice, l\u2019\u00e9ducatif, le social et le monde du travail. Ecrasement des m\u00e9tiers, enfermement, contr\u00f4le, surveillance, \u00e0 l\u2019oppos\u00e9 de l\u2019accueil et d\u2019une approche humaine des questions de soci\u00e9t\u00e9.<\/span><\/span><\/p>\n<p class=\"MsoNormal\" style=\"margin-bottom: 13.0pt; text-align: justify; mso-line-height-alt: 15.0pt; mso-pagination: none; mso-layout-grid-align: none; text-autospace: none;\"><span style=\"font-size: 14px;\"><span style=\"font-family: Arial;\">\u00a0Nous voil\u00e0 \u00e0 l\u2019or\u00e9e d\u2019une \u00e8re nouvelle qui n\u2019entend plus soigner mais contr\u00f4ler \u00e0 partir de nouveau syst\u00e8mes de normes, de nouveaux dispositifs intriquant justice, ex\u00e9cutif, l\u00e9gislatif, psychiatrie.<\/span><\/span><\/p>\n<p class=\"MsoNormal\" style=\"margin-bottom: 13.0pt; text-align: justify; mso-line-height-alt: 15.0pt; mso-pagination: none; mso-layout-grid-align: none; text-autospace: none;\"><span style=\"font-size: 14px;\"><span style=\"font-family: Arial;\">S\u2019il est difficile de penser la r\u00e9sistance c\u2019est pr\u00e9cis\u00e9ment parce que ces diff\u00e9rents plans sont confondus et qu\u2019en miroir, notre confusion est facilit\u00e9e.<\/span><\/span><\/p>\n<p class=\"MsoNormal\" style=\"margin-bottom: 13.0pt; text-align: justify; mso-line-height-alt: 15.0pt; mso-pagination: none; mso-layout-grid-align: none; text-autospace: none;\"><span style=\"font-size: 14px;\"><span style=\"font-family: Arial;\">Le Collectif des 39 contre la Nuit S\u00e9curitaire propose quelques pistes qui, du grain de sable dans la machine, au caillou dans la chaussure permettront d\u2019ouvrir des espaces pour continuer \u00e0 accueillir, soigner et accompagner les patients et leurs proches, espaces qui par l\u2019adoption de cette loi subissent un collapsus.<\/span><\/span><\/p>\n<p class=\"MsoNormal\" style=\"margin-bottom: 13.0pt; text-align: justify; mso-line-height-alt: 15.0pt; mso-pagination: none; mso-layout-grid-align: none; text-autospace: none;\"><span style=\"font-size: 14px;\"><span style=\"font-family: Arial;\">Rappelons la devise hippocratique\u00a0: Primum non nocere, \u00ab\u00a0Premi\u00e8rement ne pas nuire\u00a0\u00bb, et orientons nous avec cette balise antique.<\/span><\/span><span style=\"font-size: 14px;\"><span style=\"font-family: Arial;\"><b>\u00a0<\/b><\/span><\/span><\/p>\n<p class=\"MsoNormal\" style=\"margin-bottom: 13.0pt; text-align: center; line-height: 22.0pt; mso-pagination: none; mso-layout-grid-align: none; text-autospace: none;\" align=\"center\"><span style=\"font-size: 14px;\"><span style=\"font-family: Arial;\"><b>Principes g\u00e9n\u00e9raux\u00a0:<\/b><\/span><\/span><\/p>\n<p class=\"MsoNormal\" style=\"margin-bottom: 13.0pt; text-align: justify; mso-line-height-alt: 15.0pt; mso-pagination: none; mso-layout-grid-align: none; text-autospace: none;\"><span style=\"font-size: 14px;\"><span style=\"font-family: Arial;\">&#8211;\u00a0<b>Nous refusons le climat de menace<\/b><\/span><span style=\"font-family: Arial;\"> que cette loi instaure.<\/span><\/span><\/p>\n<p class=\"MsoNormal\" style=\"margin-bottom: 13.0pt; text-align: justify; mso-line-height-alt: 15.0pt; mso-pagination: none; mso-layout-grid-align: none; text-autospace: none;\"><span style=\"font-size: 14px;\"><span style=\"font-family: Arial;\">&#8211;\u00a0<b>Aucune de nos d\u00e9cisions cliniques ne va de soi<\/b><\/span><span style=\"font-family: Arial;\">, loi ou pas loi.<\/span><\/span><\/p>\n<p class=\"MsoNormal\" style=\"margin-bottom: 13.0pt; text-align: justify; mso-line-height-alt: 15.0pt; mso-pagination: none; mso-layout-grid-align: none; text-autospace: none;\"><span style=\"font-size: 14px;\"><span style=\"font-family: Arial;\">&#8211;\u00a0<b>Nous ne ferons pas de z\u00e8le<\/b><\/span><span style=\"font-family: Arial;\">, nous n\u2019anticiperons pas les consignes donn\u00e9es par la loi, nous ferons acte de r\u00e9sistance passive, nous trainerons les pieds pour faire au maximum obstruction.<\/span><\/span><\/p>\n<p class=\"MsoNormal\" style=\"margin-bottom: 13.0pt; text-align: justify; mso-line-height-alt: 15.0pt; mso-pagination: none; mso-layout-grid-align: none; text-autospace: none;\"><span style=\"font-size: 14px;\"><span style=\"font-family: Arial;\">&#8211; <b>Nous ne ferons rien pour huiler les rouages<\/b><\/span><span style=\"font-family: Arial;\"> de la machine d\u2019ici au 1<sup>er<\/sup> ao\u00fbt 2011.<\/span><\/span><\/p>\n<p class=\"MsoNormal\" style=\"margin-bottom: 13.0pt; text-align: justify; mso-line-height-alt: 15.0pt; mso-pagination: none; mso-layout-grid-align: none; text-autospace: none;\"><span style=\"font-size: 14px;\"><span style=\"font-family: Arial;\">&#8211;\u00a0Nous ferons tout pour <b>pr\u00e9server des soins anonymes et gratuits<\/b><\/span><span style=\"font-family: Arial;\">, pour \u00e9viter aux patients d\u2019entrer dans les rouages des injonctions de soins (refus de la mise en place et de l\u2019application de \u00ab\u00a0l\u2019identito-vigilance\u00a0\u00bb par exemple)<\/span><\/span><\/p>\n<p class=\"MsoNormal\" style=\"margin-bottom: 13.0pt; text-align: justify; mso-line-height-alt: 15.0pt; mso-pagination: none; mso-layout-grid-align: none; text-autospace: none;\"><span style=\"font-size: 14px;\"><span style=\"font-family: Arial;\">&#8211;\u00a0Nous ne nous focaliserons pas sur la question de la contrainte en psychiatrie qui, rappelons le, n\u2019est qu\u2019une minorit\u00e9 des soins prodigu\u00e9s.<\/span><\/span><\/p>\n<p class=\"MsoNormal\" style=\"margin-bottom: 13.0pt; text-align: center; line-height: 22.0pt; mso-pagination: none; mso-layout-grid-align: none; text-autospace: none;\" align=\"center\"><span style=\"font-size: 14px;\"><span style=\"font-family: Arial;\"><b>Pour ne pas nuire\u00a0:<\/b><\/span><\/span><\/p>\n<p class=\"MsoNormal\" style=\"margin-bottom: 13.0pt; text-align: justify; mso-line-height-alt: 15.0pt; mso-pagination: none; mso-layout-grid-align: none; text-autospace: none;\"><span style=\"font-size: 14px;\"><span style=\"font-family: Arial;\">&#8211;\u00a0<b>Conserver, <\/b><\/span><span style=\"font-family: Arial;\">coute que coute,<b> le secret professionnel<\/b><\/span><span style=\"font-family: Arial;\"> et <b>communiquer le moins possible aux administrations<\/b><\/span><span style=\"font-family: Arial;\"> avec lesquelles nous avons affaire, les \u00e9l\u00e9ments qui pourraient \u00eatre pr\u00e9judiciables pour les patients.<\/span><\/span><\/p>\n<p class=\"MsoNormal\" style=\"margin-bottom: 13.0pt; text-align: justify; mso-line-height-alt: 15.0pt; mso-pagination: none; mso-layout-grid-align: none; text-autospace: none;\"><span style=\"font-size: 14px;\"><span style=\"font-family: Arial;\">&#8211; <b>Nous nous engagerons \u00e0 rendre la contrainte inutile dans nos pratiques quotidienne, par un engagement clinique, au cas par cas, dans des soins relationnels<\/b><\/span><\/span><\/p>\n<p class=\"MsoNormal\" style=\"margin-bottom: 13.0pt; text-align: justify; mso-line-height-alt: 15.0pt; mso-pagination: none; mso-layout-grid-align: none; text-autospace: none;\"><span style=\"font-size: 14px;\"><span style=\"font-family: Arial;\">&#8211;\u00a0\u00a0Cr\u00e9er localement, avec les diff\u00e9rents acteurs du secteur, des espaces pour <b>de<\/b><\/span><span style=\"font-family: Arial;\"> confiance avec les partenaires.<\/span><\/span><\/p>\n<p class=\"MsoNormal\" style=\"margin-bottom: 13.0pt; text-align: justify; mso-line-height-alt: 15.0pt; mso-pagination: none; mso-layout-grid-align: none; text-autospace: none;\"><span style=\"font-size: 14px;\"><span style=\"font-family: Arial;\"><b>&#8211;\u00a0\u00a0<\/b><\/span><span style=\"font-family: Arial;\">\u00a0<b>Nous ferons tout pour marginaliser cette loi<\/b><\/span><span style=\"font-family: Arial;\"> en cr\u00e9ant toujours plus de lien avec les acteurs de terrain, les patients et les familles.<\/span><\/span><\/p>\n<p class=\"MsoNormal\" style=\"text-align: justify; mso-line-height-alt: 15.0pt; mso-pagination: none; mso-layout-grid-align: none; text-autospace: none;\"><span style=\"font-size: 14px;\"><span style=\"font-family: Arial;\">\u00a0<\/span><\/span><span style=\"font-size: 14px;\"><span style=\"font-family: Arial;\"><b><i>Pour les psychiatres\u00a0<\/i><\/b><\/span><span style=\"font-family: Arial;\"><b>:<\/b><\/span><\/span><\/p>\n<p class=\"MsoNormal\" style=\"margin-bottom: 13.0pt; text-align: justify; mso-line-height-alt: 15.0pt; mso-pagination: none; mso-layout-grid-align: none; text-autospace: none;\"><span style=\"font-size: 14px;\"><span style=\"font-family: Arial;\"><b>Ne pas nous laisser dicter notre pratique clinique par une loi anti-th\u00e9rapeutique\u00a0<\/b><\/span><span style=\"font-family: Arial;\">:<\/span><\/span><\/p>\n<p class=\"MsoNormal\" style=\"margin-bottom: 13.0pt; text-align: justify; mso-line-height-alt: 15.0pt; mso-pagination: none; mso-layout-grid-align: none; text-autospace: none;\"><span style=\"font-size: 14px;\"><span style=\"font-family: Arial;\">&#8211;\u00a0<b>Mettre le moins d\u2019\u00e9l\u00e9ments \u00ab\u00a0\u00e0 charge\u00a0\u00bb <\/b><\/span><span style=\"font-family: Arial;\">dans les dossiers m\u00e9dicaux et dans les certificats des patients pour ne pas lever le secret m\u00e9dical.<\/span><\/span><\/p>\n<p class=\"MsoNormal\" style=\"margin-bottom: 13.0pt; text-align: justify; mso-line-height-alt: 15.0pt; mso-pagination: none; mso-layout-grid-align: none; text-autospace: none;\"><span style=\"font-size: 14px;\"><span style=\"font-family: Arial;\">&#8211;\u00a0<b>Refuser de rendre des \u00ab\u00a0avis\u00a0\u00bb sur dossier <\/b><\/span><span style=\"font-family: Arial;\">sans avoir vu le patient.<\/span><\/span><\/p>\n<p class=\"MsoNormal\" style=\"margin-bottom: 13.0pt; text-align: justify; mso-line-height-alt: 15.0pt; mso-pagination: none; mso-layout-grid-align: none; text-autospace: none;\"><span style=\"font-size: 14px;\"><span style=\"font-family: Arial;\">&#8211;\u00a0Refuser de jouer aux diseurs de bonne aventure<b>\u00a0en refusant de rendre des avis cens\u00e9s pr\u00e9dire la dangerosit\u00e9 ou le risque de passage \u00e0 l\u2019acte \u00e0 venir.<\/b><\/span><\/span><\/p>\n<p class=\"MsoNormal\" style=\"margin-bottom: 13.0pt; text-align: justify; mso-line-height-alt: 15.0pt; mso-pagination: none; mso-layout-grid-align: none; text-autospace: none;\"><span style=\"font-size: 14px;\"><span style=\"font-family: Arial;\">&#8211;\u00a0<b>Refuser les vid\u00e9os &#8211; audiences<\/b><\/span><span style=\"font-family: Arial;\"> <b>avec les Juges des Libert\u00e9s de mani\u00e8re syst\u00e9matique<\/b><\/span><span style=\"font-family: Arial;\"> <b>pour tous les patients<\/b><\/span><span style=\"font-family: Arial;\"> en faisant des certificats m\u00e9dicaux de contre-indication.<\/span><\/span><\/p>\n<p class=\"MsoNormal\" style=\"margin-bottom: 13.0pt; text-align: justify; mso-line-height-alt: 15.0pt; mso-pagination: none; mso-layout-grid-align: none; text-autospace: none;\"><span style=\"font-size: 14px;\"><span style=\"font-family: Arial;\">&#8211;\u00a0<b>Refuser les accompagnements de patients au tribunal qui ne sont pas en \u00e9tat clinique <\/b><\/span><span style=\"font-family: Arial;\">de s\u2019y rendre (le juge doit se d\u00e9placer, ce n\u2019est pas notre probl\u00e8me, nous sommes des soignants, non pas des juristes, ni des auxiliaires\u00a0!). Pour des personnes en \u00e9tat de grande souffrance psychique, de bouleversement moral, de d\u00e9sorganisation mentale, au quinzi\u00e8me jour d\u2019une hospitalisation impos\u00e9e, sans leur consentement, se retrouver dans un Tribunal ne peut qu\u2019aggraver les troubles psychiques, amplifier l\u2019angoisse, provoquer encore plus de troubles mentaux.<\/span><\/span><\/p>\n<p class=\"MsoNormal\" style=\"margin-bottom: 13.0pt; text-align: justify; mso-line-height-alt: 15.0pt; mso-pagination: none; mso-layout-grid-align: none; text-autospace: none;\"><span style=\"font-size: 14px;\"><span style=\"font-family: Arial;\">&#8211;\u00a0<b>Lever les mesures de contrainte aussi rapidement que possible <\/b><\/span><span style=\"font-family: Arial;\">pour proposer des permissions en soins libres de plus de douze heures.<\/span><\/span><\/p>\n<p class=\"MsoNormal\" style=\"margin-bottom: 13.0pt; text-align: justify; mso-line-height-alt: 15.0pt; mso-pagination: none; mso-layout-grid-align: none; text-autospace: none;\"><span style=\"font-size: 14px;\"><span style=\"font-family: Arial;\">&#8211;\u00a0<b>Refuser la prescription des programmes de soin<\/b><\/span><span style=\"font-family: Arial;\"> ou \u00e0 minima de pas int\u00e9grer des \u00e9l\u00e9ments pr\u00e9cis (comme prescription contrainte de psychoth\u00e9rapie, d\u2019activit\u00e9 th\u00e9rapeutique)\u2026<\/span><\/span><\/p>\n<p class=\"MsoNormal\" style=\"margin-bottom: 13.0pt; text-align: justify; mso-line-height-alt: 15.0pt; mso-pagination: none; mso-layout-grid-align: none; text-autospace: none;\"><span style=\"font-size: 14px;\"><span style=\"font-family: Arial;\">&#8211;\u00a0<b>Au cas o\u00f9 les pr\u00e9fets refusent la sortie d\u2019un patient\u00a0: indiquer dans les certificats que l\u2019autorit\u00e9 administrative prend l\u2019enti\u00e8re responsabilit\u00e9 de la d\u00e9gradation de l\u2019\u00e9tat psychique du patient <\/b><\/span><span style=\"font-family: Arial;\">quand celui-ci ne n\u00e9cessite plus cliniquement de mesure de contrainte.<\/span><\/span><\/p>\n<p class=\"MsoNormal\" style=\"margin-bottom: 13.0pt; text-align: justify; line-height: 22.0pt; mso-pagination: none; mso-layout-grid-align: none; text-autospace: none;\"><span style=\"font-size: 14px;\"><span style=\"font-family: Arial;\"><b><i>Pour les infirmiers\u00a0:<\/i><\/b><\/span><\/span><\/p>\n<p class=\"MsoNormal\" style=\"margin-bottom: 13.0pt; text-align: justify; mso-line-height-alt: 15.0pt; mso-pagination: none; mso-layout-grid-align: none; text-autospace: none;\"><span style=\"font-size: 14px;\"><span style=\"font-family: Arial;\">&#8211;\u00a0<b>Refuser les formations de \u00ab\u00a0gestion de la violence\u00a0\u00bb<\/b><\/span><span style=\"font-family: Arial;\"> qui rel\u00e8vent de l\u2019id\u00e9ologie anti-th\u00e9rapeutique actuelle (cf. rapport de l\u2019IGAS)<\/span><\/span><\/p>\n<p class=\"MsoNormal\" style=\"margin-bottom: 13.0pt; text-align: justify; mso-line-height-alt: 15.0pt; mso-pagination: none; mso-layout-grid-align: none; text-autospace: none;\"><span style=\"font-size: 14px;\"><span style=\"font-family: Arial;\">&#8211;\u00a0<b>Prendre son temps avec les patients qui le n\u00e9cessitent, qui ont besoin d\u2019\u00e9coute, d\u2019attention de disponibilit\u00e9.<\/b><\/span><\/span><\/p>\n<p class=\"MsoNormal\" style=\"margin-bottom: 13.0pt; text-align: justify; mso-line-height-alt: 15.0pt; mso-pagination: none; mso-layout-grid-align: none; text-autospace: none;\"><span style=\"font-size: 14px;\"><span style=\"font-family: Arial;\">&#8211;\u00a0<b>Privil\u00e9gier la parole avec les patients<\/b><\/span><span style=\"font-family: Arial;\"> plut\u00f4t que perdre son temps \u00e0 comptabiliser les actes dans les ordinateurs.<\/span><\/span><\/p>\n<p class=\"MsoNormal\" style=\"margin-bottom: 13.0pt; text-align: justify; mso-line-height-alt: 15.0pt; mso-pagination: none; mso-layout-grid-align: none; text-autospace: none;\"><span style=\"font-size: 14px;\"><span style=\"font-family: Arial;\">&#8211;\u00a0<b>Fonder des petits collectifs de base <\/b><\/span><span style=\"font-family: Arial;\">dans les services et dans les h\u00f4pitaux pour se soutenir, d\u00e9battre, penser et lutter contre les pratiques de plus en plus d\u00e9shumanisantes\u00a0: camisole de force, contentions, cellules d\u2019isolement, protocoles abscons etc.<\/span><\/span><\/p>\n<p class=\"MsoNormal\" style=\"margin-bottom: 13.0pt; text-align: justify; mso-line-height-alt: 15.0pt; mso-pagination: none; mso-layout-grid-align: none; text-autospace: none;\"><span style=\"font-size: 14px;\"><span style=\"font-family: Arial;\">&#8211;\u00a0<b>Refuser d\u2019organiser des \u00ab\u00a0distractions\u00a0\u00bb<\/b><\/span><span style=\"font-family: Arial;\"> comme l\u2019a propos\u00e9 le Rapport de l\u2019I.G.A.S du 31 mai 2011. Mais lutter pour instaurer et continuer les activit\u00e9s th\u00e9rapeutiques, les ateliers de cr\u00e9ation. Nous sommes des soignants, pas des animateurs t\u00e9l\u00e9s, ni des gentils organisateurs de clubs de vacances.<\/span><\/span><\/p>\n<p class=\"MsoNormal\" style=\"text-align: justify; mso-line-height-alt: 15.0pt; mso-pagination: none; mso-layout-grid-align: none; text-autospace: none;\"><span style=\"font-size: 14px;\"><span style=\"font-family: Arial;\">\u00a0<\/span><\/span><span style=\"font-size: 14px;\"><span style=\"font-family: Arial;\"><b><i>Pour les psychologues\u00a0:<\/i><\/b><\/span><\/span><\/p>\n<p class=\"MsoNormal\" style=\"margin-bottom: 13.0pt; text-align: justify; mso-line-height-alt: 15.0pt; mso-pagination: none; mso-layout-grid-align: none; text-autospace: none;\"><span style=\"font-size: 14px;\"><span style=\"font-family: Arial;\">&#8211;\u00a0Refuser des psychoth\u00e9rapies contraintes par des programmes de soin.<\/span><\/span><\/p>\n<p class=\"MsoNormal\" style=\"margin-bottom: 13.0pt; text-align: justify; mso-line-height-alt: 15.0pt; mso-pagination: none; mso-layout-grid-align: none; text-autospace: none;\"><span style=\"font-size: 14px;\"><span style=\"font-family: Arial;\">&#8211;\u00a0Refuser d\u2019\u00eatre sous la responsabilit\u00e9 pleine et enti\u00e8re du pouvoir m\u00e9dical\u00a0: conserver son ind\u00e9pendance de statut.<\/span><\/span><\/p>\n<p class=\"MsoNormal\" style=\"margin-bottom: 13.0pt; text-align: justify; mso-line-height-alt: 15.0pt; mso-pagination: none; mso-layout-grid-align: none; text-autospace: none;\"><span style=\"font-size: 14px;\"><span style=\"font-family: Arial;\">\u00a0&#8211; Refuser d\u2019\u00eatre des experts exclusifs en th\u00e9rapie br\u00e8ve comme le propose le d\u00e9cret sur les psychoth\u00e9rapies.<\/span><\/span><\/p>\n<p class=\"MsoNormal\" style=\"margin-bottom: 13.0pt; text-align: justify; mso-line-height-alt: 15.0pt; mso-pagination: none; mso-layout-grid-align: none; text-autospace: none;\"><span style=\"font-size: 14px;\"><span style=\"font-family: Arial;\">Soutenir dans les services le travail clinique de mise en lien et de mise en sens en tant que fondement des soins psychiques.<\/span><\/span><\/p>\n<p class=\"MsoNormal\" style=\"text-align: justify; mso-line-height-alt: 15.0pt; mso-pagination: none; mso-layout-grid-align: none; text-autospace: none;\"><span style=\"font-size: 14px;\"><span style=\"font-family: Arial;\">\u00a0<\/span><\/span><span style=\"font-size: 14px;\"><span style=\"font-family: Arial;\"><b><i>Pour tous les soignants\u00a0:<\/i><\/b><\/span><\/span><\/p>\n<p class=\"MsoNormal\" style=\"margin-bottom: 13.0pt; text-align: justify; mso-line-height-alt: 15.0pt; mso-pagination: none; mso-layout-grid-align: none; text-autospace: none;\"><span style=\"font-size: 14px;\"><span style=\"font-family: Arial;\">&#8211;\u00a0S\u2019engager \u00e0 <b>ne pas signaler et \u00e0 ne pas ficher<\/b><\/span><span style=\"font-family: Arial;\"> avant d&rsquo;avoir mis en place<b> <\/b><\/span><span style=\"font-family: Arial;\">tout autre moyen respectueux de la dignit\u00e9 humaine. Le manque de moyen ou de<b> <\/b><\/span><span style=\"font-family: Arial;\">personnels ne doit jamais conduire \u00e0 la d\u00e9shumanisation des relations<b> <\/b><\/span><span style=\"font-family: Arial;\">soignantes ni au d\u00e9sengagement. Dans les cas extr\u00eames, rappeler dans un<b> <\/b><\/span><span style=\"font-family: Arial;\">signalement \u00ab\u00a0le manque de moyen et de personnel pour apporter les soins<b> <\/b><\/span><span style=\"font-family: Arial;\">n\u00e9cessaires \u00e0 ce patient met en cause gravement l&rsquo;ordre public\u00a0\u00bb<\/span><\/span><\/p>\n<p class=\"MsoNormal\" style=\"margin-bottom: 13.0pt; text-align: justify; mso-line-height-alt: 15.0pt; mso-pagination: none; mso-layout-grid-align: none; text-autospace: none;\"><span style=\"font-size: 14px;\"><span style=\"font-family: Arial;\">&#8211;\u00a0Lever les protocoles de soin rapidement.<\/span><\/span><\/p>\n<p class=\"MsoNormal\" style=\"margin-bottom: 13.0pt; text-align: justify; mso-line-height-alt: 15.0pt; mso-pagination: none; mso-layout-grid-align: none; text-autospace: none;\"><span style=\"font-size: 14px;\"><span style=\"font-family: Arial;\">&#8211; Ne pas prescrire de soins sans consentement en ambulatoire, autant que faire se peut.<\/span><\/span><\/p>\n<p class=\"MsoNormal\" style=\"margin-bottom: 13.0pt; text-align: justify; mso-line-height-alt: 15.0pt; mso-pagination: none; mso-layout-grid-align: none; text-autospace: none;\"><span style=\"font-size: 14px;\"><span style=\"font-family: Arial;\">&#8211;\u00a0<b>Refuser la priorit\u00e9 des \u00ab\u00a0soins\u00a0\u00bb contraints<\/b><\/span><span style=\"font-family: Arial;\"> dans les Centres de consultations par rapport aux personnes d\u00e9j\u00e0 en soins ou venant demander \u00e0 entrer dans une d\u00e9marche th\u00e9rapeutique, venant se soigner librement. Nous n\u2019abandonnerons pas la continuit\u00e9 des soins d\u00e9j\u00e0 entrepris.<\/span><\/span><\/p>\n<p class=\"MsoNormal\" style=\"margin-bottom: 13.0pt; text-align: justify; mso-line-height-alt: 15.0pt; mso-pagination: none; mso-layout-grid-align: none; text-autospace: none;\"><span style=\"font-size: 14px;\"><span style=\"font-family: Arial;\">\u00a0<b>Refuser la priorit\u00e9 des \u00ab\u00a0soins\u00a0\u00bb contraints<\/b><\/span><span style=\"font-family: Arial;\"> dans les Centres de consultations par rapport aux personnes d\u00e9j\u00e0 en soins ou venant demander \u00e0 entrer dans une d\u00e9marche th\u00e9rapeutique, venant se soigner librement. <b>Nous ne nous ferons pas imposer l\u2019abandon de la continuit\u00e9 des soins d\u00e9j\u00e0 entrepris.<\/b><\/span><span class=\"Apple-style-span\" style=\"font-family: Arial;\">\u00a0<\/span><\/span><\/p>\n<p class=\"MsoNormal\" style=\"margin-bottom: 13.0pt; text-align: justify; mso-line-height-alt: 15.0pt; mso-pagination: none; mso-layout-grid-align: none; text-autospace: none;\"><span style=\"font-size: 14px;\"><span style=\"font-family: Arial;\">&#8211;\u00a0<b>Faire des visites \u00e0 domicile<\/b><\/span><span style=\"font-family: Arial;\"> autant que les moyens le permettent pour \u00e9viter aux patients et \u00e0 leur famille d\u2019avoir \u00e0 faire aux \u00ab\u00a0brigades de chocs\u00a0\u00bb.<\/span><\/span><\/p>\n<p class=\"MsoNormal\" style=\"margin-bottom: 13.0pt; text-align: justify; mso-line-height-alt: 15.0pt; mso-pagination: none; mso-layout-grid-align: none; text-autospace: none;\"><span style=\"font-size: 14px;\"><span style=\"font-family: Arial;\">&#8211;\u00a0<b>R\u00e9pondre aussi rapidement que possible <\/b><\/span><span style=\"font-family: Arial;\">aux situations qui risquent d\u2019aboutir \u00e0 des \u00ab\u00a0soins\u00a0\u00bb sans consentement\u00a0 en ambulatoire.<\/span><\/span><\/p>\n<p class=\"MsoNormal\" style=\"margin-bottom: 13.0pt; text-align: center; line-height: 22.0pt; mso-pagination: none; mso-layout-grid-align: none; text-autospace: none;\" align=\"center\"><span style=\"font-size: 14px;\"><span style=\"font-family: Arial;\"><b>Au niveau g\u00e9n\u00e9ral, nous solliciterons\u00a0:<\/b><\/span><\/span><\/p>\n<p class=\"MsoNormal\" style=\"margin-bottom: 13.0pt; text-align: justify; mso-line-height-alt: 15.0pt; mso-pagination: none; mso-layout-grid-align: none; text-autospace: none;\"><span style=\"font-size: 14px;\"><span style=\"font-family: Arial;\">&#8211;\u00a0Le <b>conseil de l\u2019Ordre<\/b><\/span><span style=\"font-family: Arial;\"> pour la lev\u00e9e du secret m\u00e9dical, lors des audiences judiciaires et dans les casiers psychiatriques qui se cr\u00e9ent.<\/span><\/span><\/p>\n<p class=\"MsoNormal\" style=\"margin-bottom: 13.0pt; text-align: justify; mso-line-height-alt: 15.0pt; mso-pagination: none; mso-layout-grid-align: none; text-autospace: none;\"><span style=\"font-size: 14px;\"><span style=\"font-family: Arial;\">&#8211;\u00a0La <b>Commission Europ\u00e9enne des Droits de l\u2019Homme<\/b><\/span><span style=\"font-family: Arial;\"> pour la mise \u00e0 mal de l\u2019inviolabilit\u00e9 du domicile et la mise \u00e0 mal de la libert\u00e9 de circulation.<\/span><\/span><\/p>\n<p class=\"MsoNormal\" style=\"margin-bottom: 13.0pt; text-align: justify; mso-line-height-alt: 15.0pt; mso-pagination: none; mso-layout-grid-align: none; text-autospace: none;\"><span style=\"font-size: 14px;\"><span style=\"font-family: Arial;\">&#8211;\u00a0<b>Le Conseil constitutionnel <\/b><\/span><span style=\"font-family: Arial;\">en soutenant les questions prioritaires de constitutionalit\u00e9 et les recours possibles pr\u00e9sent\u00e9s par les patients ou leurs familles.<\/span><span class=\"Apple-style-span\" style=\"font-family: Arial;\">\u00a0<\/span><\/span><\/p>\n<p class=\"MsoNormal\" style=\"margin-bottom: 13.0pt; text-align: justify; mso-line-height-alt: 15.0pt; mso-pagination: none; mso-layout-grid-align: none; text-autospace: none;\"><span style=\"font-size: 14px;\"><span style=\"font-family: Arial;\">Le Collectif des 39 s\u2019engage \u00e0 soutenir les professionnels et les \u00e9quipes qui seraient mis en difficult\u00e9, ou menac\u00e9s, pour vouloir mettre l\u2019\u00e9thique des soins en priorit\u00e9 avant la pratique de cette loi indigne.<\/span><\/span><\/p>\n<p class=\"MsoNormal\" style=\"margin-bottom: 13.0pt; text-align: justify; mso-line-height-alt: 15.0pt; mso-pagination: none; mso-layout-grid-align: none; text-autospace: none;\"><span style=\"font-size: 14px;\"><span style=\"font-family: Arial;\">A l\u2019automne, le Collectif des 39 organisera un nouvel \u00e9v\u00e9nement politique et culturel pour l\u2019accueil et l\u2019hospitalit\u00e9 pour la folie et pour faire le point sur les difficult\u00e9s rencontr\u00e9es \u00e0 partir du premier ao\u00fbt et sur les modalit\u00e9s de r\u00e9sistance mises en \u0153uvre.<\/span><\/span><\/p>\n<p class=\"MsoNormal\" style=\"margin-bottom: 13.0pt; text-align: center; mso-line-height-alt: 15.0pt; mso-pagination: none; mso-layout-grid-align: none; text-autospace: none;\" align=\"center\"><span style=\"font-size: 14px;\"><span class=\"Apple-style-span\" style=\"font-family: Arial;\"><span class=\"Apple-style-span\">\u00a0<\/span><\/span><\/span><\/p>\n<p class=\"MsoNormal\"><span style=\"font-size: 16.0pt; font-family: Arial;\">\u00a0<\/span><\/p>\n<p><!--EndFragment--><\/p>\n","protected":false},"excerpt":{"rendered":"<p>Communiqu\u00e9 du 25 juin 2011 Apr\u00e8s la manifestation Place de la R\u00e9publique Refuser cette loi anti-th\u00e9rapeutique, s\u00e9curitaire et dangereuse. Samedi 25 juin 2011, pr\u00e8s de 500 personnes se sont rassembl\u00e9es Place de la R\u00e9publique, pour manifester leur refus de la loi adopt\u00e9e par le Parlement le mercredi 22 juin. Patients, familles, professionnels de la psychiatrie, &hellip; <a href=\"https:\/\/www.collectifpsychiatrie.fr\/?page_id=2778\" class=\"more-link\">Continuer la lecture de <span class=\"screen-reader-text\">Vid\u00e9os &#8211; manif du 25 juin 2011 &#8211; R\u00e9publique<\/span>  <span class=\"meta-nav\">&rarr;<\/span><\/a><\/p>\n","protected":false},"author":2,"featured_media":0,"parent":0,"menu_order":0,"comment_status":"closed","ping_status":"open","template":"","meta":{"footnotes":""},"class_list":["post-2778","page","type-page","status-publish","hentry"],"_links":{"self":[{"href":"https:\/\/www.collectifpsychiatrie.fr\/index.php?rest_route=\/wp\/v2\/pages\/2778","targetHints":{"allow":["GET"]}}],"collection":[{"href":"https:\/\/www.collectifpsychiatrie.fr\/index.php?rest_route=\/wp\/v2\/pages"}],"about":[{"href":"https:\/\/www.collectifpsychiatrie.fr\/index.php?rest_route=\/wp\/v2\/types\/page"}],"author":[{"embeddable":true,"href":"https:\/\/www.collectifpsychiatrie.fr\/index.php?rest_route=\/wp\/v2\/users\/2"}],"replies":[{"embeddable":true,"href":"https:\/\/www.collectifpsychiatrie.fr\/index.php?rest_route=%2Fwp%2Fv2%2Fcomments&post=2778"}],"version-history":[{"count":2,"href":"https:\/\/www.collectifpsychiatrie.fr\/index.php?rest_route=\/wp\/v2\/pages\/2778\/revisions"}],"predecessor-version":[{"id":9216,"href":"https:\/\/www.collectifpsychiatrie.fr\/index.php?rest_route=\/wp\/v2\/pages\/2778\/revisions\/9216"}],"wp:attachment":[{"href":"https:\/\/www.collectifpsychiatrie.fr\/index.php?rest_route=%2Fwp%2Fv2%2Fmedia&parent=2778"}],"curies":[{"name":"wp","href":"https:\/\/api.w.org\/{rel}","templated":true}]}}